{"id":2704,"date":"2026-08-15T11:31:37","date_gmt":"2026-08-15T09:31:37","guid":{"rendered":"https:\/\/staghorn.pl\/?post_type=product&#038;p=2704"},"modified":"2026-08-26T10:53:35","modified_gmt":"2026-08-26T08:53:35","slug":"zloty-komplet-z-turmalinem","status":"publish","type":"product","link":"https:\/\/staghorn.pl\/?product=zloty-komplet-z-turmalinem","title":{"rendered":"Z\u0142oty Komplet z turmalinem \u2013 sztyfty i delikatny naszyjnik"},"content":{"rendered":"<h1 data-section-id=\"1v4ilyh\" data-start=\"0\" data-end=\"88\"><strong>Z\u0142oty komplet z turmalinem \u2013 sztyfty i delikatny naszyjnik z kamieni naturalnych<\/strong><\/h1>\n<p class=\"PDq2pG_selectionAnchorContainer\" data-start=\"88\" data-end=\"482\">Komplet z czarnym turmalinem to minimalistyczna bi\u017cuteria o eleganckim, wyrazistym charakterze. G\u0142\u0119boka czer\u0144 naturalnego kamienia w po\u0142\u0105czeniu ze z\u0142otymi detalami tworzy klasyczn\u0105 i ponadczasow\u0105 kompozycj\u0119. Niewielkie sztyfty oraz delikatny naszyjnik tworz\u0105 sp\u00f3jny zestaw, kt\u00f3ry subtelnie przyci\u0105ga uwag\u0119 i doskonale sprawdza si\u0119 zar\u00f3wno w codziennych, jak i bardziej eleganckich stylizacjach.<\/p>\n<p data-start=\"484\" data-end=\"735\">Po\u0142\u0105czenie czerni i z\u0142ota nadaje kompletowi szlachetnego charakteru, jednocze\u015bnie pozostaj\u0105c bardzo uniwersalnym. Niewielkie rozmiary bi\u017cuterii sprawiaj\u0105, \u017ce jest lekka i dyskretna, a naturalny turmalin nadaje jej dodatkowego, symbolicznego znaczenia.<\/p>\n<hr \/>\n<h2><strong>Czarny turmalin \u2013 kamie\u0144 ochrony i wewn\u0119trznej r\u00f3wnowagi<\/strong><\/h2>\n<p class=\"PDq2pG_selectionAnchorContainer\" data-start=\"800\" data-end=\"1113\">Czarny turmalin uznawany jest za jeden z najbardziej znanych kamieni ochronnych. Symbolicznie wspiera poczucie bezpiecze\u0144stwa, stabilno\u015bci i uziemienia oraz pomaga zachowa\u0107 wewn\u0119trzny spok\u00f3j w wymagaj\u0105cych momentach. Kojarzony jest r\u00f3wnie\u017c z ochron\u0105 przed negatywn\u0105 energi\u0105 i odzyskiwaniem emocjonalnej r\u00f3wnowagi.<\/p>\n<p data-start=\"1115\" data-end=\"1263\">Jego intensywna czer\u0144 zestawiona ze z\u0142otymi detalami sprawia, \u017ce komplet \u0142\u0105czy znaczenie naturalnego kamienia z eleganck\u0105, minimalistyczn\u0105 estetyk\u0105.<\/p>\n<hr data-start=\"1279\" data-end=\"1282\" \/>\n<h3 data-section-id=\"t3bvol\" data-start=\"1284\" data-end=\"1322\"><strong>Minimalistyczna bi\u017cuteria na co dzie\u0144 i na prezent<\/strong><\/h3>\n<p class=\"PDq2pG_selectionAnchorContainer\" data-start=\"1322\" data-end=\"1369\">Komplet z czarnym turmalinem sprawdzi si\u0119 jako:<\/p>\n<ul data-start=\"1371\" data-end=\"1734\">\n<li data-start=\"1371\" data-end=\"1425\">minimalistyczna bi\u017cuteria do codziennych stylizacji,<\/li>\n<li data-start=\"1426\" data-end=\"1487\">elegancki zestaw w ponadczasowym po\u0142\u0105czeniu czerni i z\u0142ota,<\/li>\n<li data-start=\"1488\" data-end=\"1556\">symboliczny talizman ochrony, stabilno\u015bci i wewn\u0119trznej r\u00f3wnowagi,<\/li>\n<li data-start=\"1557\" data-end=\"1639\">prezent dla osoby rozpoczynaj\u0105cej nowy etap lub stoj\u0105cej przed wa\u017cnym wyzwaniem,<\/li>\n<li data-start=\"1640\" data-end=\"1734\">wyj\u0105tkowy upominek dla osoby ceni\u0105cej naturalne kamienie i subteln\u0105 bi\u017cuteri\u0119 z charakterem.<\/li>\n<\/ul>\n<p data-start=\"1736\" data-end=\"1848\">Czarny turmalin doskonale komponuje si\u0119 z biel\u0105, be\u017cami, czerni\u0105, br\u0105zami oraz innymi dodatkami w kolorze z\u0142ota.<\/p>\n<hr data-start=\"1718\" data-end=\"1721\" \/>\n<h3 data-section-id=\"1t8jndc\" data-start=\"1723\" data-end=\"1749\"><strong>Materia\u0142y i wykonanie<\/strong><\/h3>\n<ul data-start=\"1751\" data-end=\"2063\">\n<li data-start=\"1878\" data-end=\"1917\">Naturalny kamie\u0144: <strong data-start=\"1898\" data-end=\"1917\">czarny turmalin<\/strong><\/li>\n<li data-start=\"1918\" data-end=\"1962\">Koraliki <strong data-start=\"1929\" data-end=\"1946\">Miyuki Delica<\/strong> w kolorze z\u0142ota<\/li>\n<li data-start=\"1963\" data-end=\"2039\">Baza i sztyft kolczyk\u00f3w wykonane ze <strong data-start=\"2001\" data-end=\"2039\">stali nierdzewnej w kolorze z\u0142otym<\/strong><\/li>\n<li data-start=\"2040\" data-end=\"2102\">\u0141a\u0144cuszek wykonany ze <strong data-start=\"2064\" data-end=\"2102\">stali nierdzewnej w kolorze z\u0142otym<\/strong><\/li>\n<li data-start=\"2103\" data-end=\"2138\">\u015arednica sztyft\u00f3w: ok. <strong data-start=\"2128\" data-end=\"2138\">0,7 cm<\/strong><\/li>\n<li data-start=\"2139\" data-end=\"2189\">Wymiary zawieszki naszyjnika: ok. <strong data-start=\"2175\" data-end=\"2189\">1 \u00d7 0,7 cm<\/strong><\/li>\n<li data-start=\"2190\" data-end=\"2227\">Elementy z kamieni s\u0105 r\u0119cznie szyte<\/li>\n<li data-start=\"2228\" data-end=\"2274\">Bi\u017cuteria jest lekka i komfortowa w noszeniu<\/li>\n<\/ul>\n<hr data-start=\"2065\" data-end=\"2068\" \/>\n<h3 data-section-id=\"1k4mjnc\" data-start=\"2070\" data-end=\"2111\"><strong>Rozmiary i personalizacja naszyjnika<\/strong><\/h3>\n<p data-start=\"2113\" data-end=\"2165\">Naszyjnik dost\u0119pny jest w kilku wariantach d\u0142ugo\u015bci:<\/p>\n<ul data-start=\"2167\" data-end=\"2247\">\n<li data-section-id=\"38tsvt\" data-start=\"2167\" data-end=\"2186\"><strong data-start=\"2169\" data-end=\"2175\">S:<\/strong> 40\u201345 cm<\/li>\n<li data-section-id=\"9jit6u\" data-start=\"2187\" data-end=\"2206\"><strong data-start=\"2189\" data-end=\"2195\">M:<\/strong> 45\u201350 cm<\/li>\n<li data-section-id=\"1nbljba\" data-start=\"2207\" data-end=\"2226\"><strong data-start=\"2209\" data-end=\"2215\">L:<\/strong> 50\u201355 cm<\/li>\n<li data-section-id=\"1cepq0t\" data-start=\"2227\" data-end=\"2247\"><strong data-start=\"2229\" data-end=\"2236\">XL:<\/strong> 55\u201360 cm<\/li>\n<\/ul>\n<p data-start=\"2249\" data-end=\"2410\">Istnieje r\u00f3wnie\u017c mo\u017cliwo\u015b\u0107 personalizacji d\u0142ugo\u015bci \u0142a\u0144cuszka. W przypadku wyboru opcji personalizowanej nale\u017cy poda\u0107 preferowany rozmiar w uwagach do zam\u00f3wienia.<\/p>\n<hr \/>\n<p>\ud83d\udce9 Je\u015bli masz jakiekolwiek pytania, mo\u017cesz skontaktowa\u0107 si\u0119 ze mn\u0105 za po\u015brednictwem<a href=\"https:\/\/staghorn.pl\/?page_id=126\"> formularza kontaktowego<\/a><\/p>\n<p>\ud83d\udcbb\u00a0 Pami\u0119taj, \u017ce ze wzgl\u0119du na efekty o\u015bwietleniowe, jasno\u015b\u0107 monitora, kontrast oraz inne ustawienia, mog\u0105 wyst\u0105pi\u0107 niewielkie r\u00f3\u017cnice w odcieniu koloru zdj\u0119cia na stronie internetowej a rzeczywistym produktem.<\/p>\n<p>\ud83d\udecd\ufe0f <a href=\"https:\/\/staghornpl.etsy.com\/listing\/4505012706\"><strong>Buy on Etsy<\/strong><\/a><\/p>\n<p class=\"PDq2pG_selectionAnchorContainer\" data-start=\"1423\" data-end=\"1689\"><strong data-start=\"1423\" data-end=\"1471\">Informacje o bezpiecze\u0144stwie produktu (GPSR)<\/strong><br data-start=\"1471\" data-end=\"1474\" \/>Produkt przeznaczony do u\u017cytkowania jako bi\u017cuteria. Zawiera drobne elementy \u2013 nie jest zabawk\u0105 i nale\u017cy przechowywa\u0107 go poza zasi\u0119giem ma\u0142ych dzieci. Nie u\u017cywa\u0107 w przypadku uszkodzenia lub poluzowania element\u00f3w.<\/p>\n<p data-start=\"1694\" data-end=\"1753\">Producent: Staghorn\/ Katarzyna Wid\u0142ak-Lu\u015btyk<\/p>\n<p data-start=\"1758\" data-end=\"1874\">Szczeg\u00f3\u0142owe informacje dotycz\u0105ce bezpiecznego u\u017cytkowania znajduj\u0105 si\u0119 na stronie <a href=\"https:\/\/staghorn.pl\/?page_id=2679\">\u201eBezpiecze\u0144stwo produkt\u00f3w \u2013 GPSR&#8221;<\/a><\/p>\n","protected":false},"excerpt":{"rendered":"<p>Komplet z czarnym turmalinem \u2014 minimalistyczne sztyfty i delikatny naszyjnik ze z\u0142otymi detalami. Czarny turmalin symbolicznie wspiera ochron\u0119, poczucie bezpiecze\u0144stwa i wewn\u0119trzn\u0105 r\u00f3wnowag\u0119. Ponadczasowe po\u0142\u0105czenie czerni i z\u0142ota sprawia, \u017ce zestaw doskonale sprawdzi si\u0119 na co dzie\u0144 i jako elegancki prezent.<\/p>\n<p>\ud83d\udecd\ufe0f <a href=\"https:\/\/staghornpl.etsy.com\/listing\/4505012706\"><strong>Buy on Etsy<\/strong><\/a><\/p>\n","protected":false},"featured_media":2665,"comment_status":"open","ping_status":"closed","template":"","meta":{"_kad_post_transparent":"default","_kad_post_title":"","_kad_post_layout":"default","_kad_post_sidebar_id":"","_kad_post_content_style":"default","_kad_post_vertical_padding":"default","_kad_post_feature":"","_kad_post_feature_position":"","_kad_post_header":false,"_kad_post_footer":false,"_kad_post_classname":""},"product_brand":[],"product_cat":[112,24,263],"product_tag":[54,45,42,72,36,284,248,287,266,58,119,100,268,39,46,280,49,68,232,37,288,265],"class_list":["post-2704","product","type-product","status-publish","has-post-thumbnail","product_cat-bizuteria-z-kamieni","product_cat-zestawy-bizuterii","product_cat-zestawy-z-kamieni","product_tag-akcesoria-dla-kobiet","product_tag-bizuteria-dla-kobiet","product_tag-bizuteria-na-co-dzien","product_tag-bizuteria-na-wieczorne-wyjscia","product_tag-delikatna-bizuteria","product_tag-delikatny-naszyjnik","product_tag-dla-corki","product_tag-dla-osob-urodzonych-w-grudniu","product_tag-dla-przyjaciolki","product_tag-elegancka-bizuteria","product_tag-howlit","product_tag-kamienie-i-krysztaly","product_tag-male-sztyfty","product_tag-moda-damska","product_tag-modne-dodatki","product_tag-na-lato","product_tag-naszyjnik-z-zawieszka","product_tag-prezent-dla-dziewczynki","product_tag-prezent-dla-mamy","product_tag-prezent-dla-niej","product_tag-prezent-swiateczny","product_tag-urodzinowy-prezent","first","instock","sale","shipping-taxable","purchasable","product-type-variable","entry","content-bg","loop-entry"],"yoast_head":"<!-- This site is optimized with the Yoast SEO plugin v28.4 - https:\/\/yoast.com\/product\/yoast-seo-wordpress\/ -->\n<title>Z\u0142oty Komplet z turmalinem \u2013 sztyfty i delikatny naszyjnik - Staghorn<\/title>\n<meta name=\"description\" content=\"Komplet z czarnym turmalinem: minimalistyczne sztyfty i delikatny naszyjnik ze z\u0142otymi detalami. Symboliczna bi\u017cuteria kojarzona z ochron\u0105 i r\u00f3wnowag\u0105.\" \/>\n<meta name=\"robots\" content=\"index, follow, max-snippet:-1, max-image-preview:large, max-video-preview:-1\" \/>\n<link rel=\"canonical\" href=\"https:\/\/staghorn.pl\/?product=zloty-komplet-z-turmalinem\" \/>\n<meta property=\"og:locale\" content=\"pl_PL\" \/>\n<meta property=\"og:type\" content=\"article\" \/>\n<meta property=\"og:title\" content=\"Z\u0142oty Komplet z turmalinem \u2013 sztyfty i delikatny naszyjnik - Staghorn\" \/>\n<meta property=\"og:description\" content=\"Komplet z czarnym turmalinem: minimalistyczne sztyfty i delikatny naszyjnik ze z\u0142otymi detalami. Symboliczna bi\u017cuteria kojarzona z ochron\u0105 i r\u00f3wnowag\u0105.\" \/>\n<meta property=\"og:url\" content=\"https:\/\/staghorn.pl\/?product=zloty-komplet-z-turmalinem\" \/>\n<meta property=\"og:site_name\" content=\"Staghorn\" \/>\n<meta property=\"article:modified_time\" content=\"2026-08-26T08:53:35+00:00\" \/>\n<meta property=\"og:image\" content=\"https:\/\/staghorn.pl\/wp-content\/uploads\/2026\/08\/5-2.jpg\" \/>\n\t<meta property=\"og:image:width\" content=\"640\" \/>\n\t<meta property=\"og:image:height\" content=\"800\" \/>\n\t<meta property=\"og:image:type\" content=\"image\/jpeg\" \/>\n<meta name=\"twitter:card\" content=\"summary_large_image\" \/>\n<meta name=\"twitter:label1\" content=\"Szacowany czas czytania\" \/>\n\t<meta name=\"twitter:data1\" content=\"3 minuty\" \/>\n<script type=\"application\/ld+json\" class=\"yoast-schema-graph\">{\"@context\":\"https:\\\/\\\/schema.org\",\"@graph\":[{\"@type\":\"WebPage\",\"@id\":\"https:\\\/\\\/staghorn.pl\\\/?product=zloty-komplet-z-turmalinem\",\"url\":\"https:\\\/\\\/staghorn.pl\\\/?product=zloty-komplet-z-turmalinem\",\"name\":\"Z\u0142oty Komplet z turmalinem \u2013 sztyfty i delikatny naszyjnik - Staghorn\",\"isPartOf\":{\"@id\":\"https:\\\/\\\/staghorn.pl\\\/#website\"},\"primaryImageOfPage\":{\"@id\":\"https:\\\/\\\/staghorn.pl\\\/?product=zloty-komplet-z-turmalinem#primaryimage\"},\"image\":{\"@id\":\"https:\\\/\\\/staghorn.pl\\\/?product=zloty-komplet-z-turmalinem#primaryimage\"},\"thumbnailUrl\":\"https:\\\/\\\/staghorn.pl\\\/wp-content\\\/uploads\\\/2026\\\/08\\\/5-2.jpg\",\"datePublished\":\"2026-08-15T09:31:37+00:00\",\"dateModified\":\"2026-08-26T08:53:35+00:00\",\"description\":\"Komplet z czarnym turmalinem: minimalistyczne sztyfty i delikatny naszyjnik ze z\u0142otymi detalami. Symboliczna bi\u017cuteria kojarzona z ochron\u0105 i r\u00f3wnowag\u0105.\",\"breadcrumb\":{\"@id\":\"https:\\\/\\\/staghorn.pl\\\/?product=zloty-komplet-z-turmalinem#breadcrumb\"},\"inLanguage\":\"pl-PL\",\"potentialAction\":[{\"@type\":\"ReadAction\",\"target\":[\"https:\\\/\\\/staghorn.pl\\\/?product=zloty-komplet-z-turmalinem\"]}]},{\"@type\":\"ImageObject\",\"inLanguage\":\"pl-PL\",\"@id\":\"https:\\\/\\\/staghorn.pl\\\/?product=zloty-komplet-z-turmalinem#primaryimage\",\"url\":\"https:\\\/\\\/staghorn.pl\\\/wp-content\\\/uploads\\\/2026\\\/08\\\/5-2.jpg\",\"contentUrl\":\"https:\\\/\\\/staghorn.pl\\\/wp-content\\\/uploads\\\/2026\\\/08\\\/5-2.jpg\",\"width\":640,\"height\":800,\"caption\":\"Czarno-z\u0142oty komplet z turmalinem \u2013 delikatny naszyjnik i kolczyki sztyfty.\"},{\"@type\":\"BreadcrumbList\",\"@id\":\"https:\\\/\\\/staghorn.pl\\\/?product=zloty-komplet-z-turmalinem#breadcrumb\",\"itemListElement\":[{\"@type\":\"ListItem\",\"position\":1,\"name\":\"Strona g\u0142\u00f3wna\",\"item\":\"https:\\\/\\\/staghorn.pl\\\/\"},{\"@type\":\"ListItem\",\"position\":2,\"name\":\"Sklep\",\"item\":\"https:\\\/\\\/staghorn.pl\\\/?page_id=395\"},{\"@type\":\"ListItem\",\"position\":3,\"name\":\"Z\u0142oty Komplet z turmalinem \u2013 sztyfty i delikatny naszyjnik\"}]},{\"@type\":\"WebSite\",\"@id\":\"https:\\\/\\\/staghorn.pl\\\/#website\",\"url\":\"https:\\\/\\\/staghorn.pl\\\/\",\"name\":\"Staghorn\",\"description\":\"\",\"publisher\":{\"@id\":\"https:\\\/\\\/staghorn.pl\\\/#\\\/schema\\\/person\\\/985c0f377b3807be4ab7ca84c02a0459\"},\"potentialAction\":[{\"@type\":\"SearchAction\",\"target\":{\"@type\":\"EntryPoint\",\"urlTemplate\":\"https:\\\/\\\/staghorn.pl\\\/?s={search_term_string}\"},\"query-input\":{\"@type\":\"PropertyValueSpecification\",\"valueRequired\":true,\"valueName\":\"search_term_string\"}}],\"inLanguage\":\"pl-PL\"},{\"@type\":[\"Person\",\"Organization\"],\"@id\":\"https:\\\/\\\/staghorn.pl\\\/#\\\/schema\\\/person\\\/985c0f377b3807be4ab7ca84c02a0459\",\"name\":\"Kasia\",\"image\":{\"@type\":\"ImageObject\",\"inLanguage\":\"pl-PL\",\"@id\":\"https:\\\/\\\/staghorn.pl\\\/wp-content\\\/uploads\\\/2024\\\/05\\\/cropped-2.png\",\"url\":\"https:\\\/\\\/staghorn.pl\\\/wp-content\\\/uploads\\\/2024\\\/05\\\/cropped-2.png\",\"contentUrl\":\"https:\\\/\\\/staghorn.pl\\\/wp-content\\\/uploads\\\/2024\\\/05\\\/cropped-2.png\",\"width\":512,\"height\":512,\"caption\":\"Kasia\"},\"logo\":{\"@id\":\"https:\\\/\\\/staghorn.pl\\\/wp-content\\\/uploads\\\/2024\\\/05\\\/cropped-2.png\"},\"sameAs\":[\"http:\\\/\\\/staghorn.pl\"]}]}<\/script>\n<!-- \/ Yoast SEO plugin. -->","yoast_head_json":{"title":"Z\u0142oty Komplet z turmalinem \u2013 sztyfty i delikatny naszyjnik - Staghorn","description":"Komplet z czarnym turmalinem: minimalistyczne sztyfty i delikatny naszyjnik ze z\u0142otymi detalami. Symboliczna bi\u017cuteria kojarzona z ochron\u0105 i r\u00f3wnowag\u0105.","robots":{"index":"index","follow":"follow","max-snippet":"max-snippet:-1","max-image-preview":"max-image-preview:large","max-video-preview":"max-video-preview:-1"},"canonical":"https:\/\/staghorn.pl\/?product=zloty-komplet-z-turmalinem","og_locale":"pl_PL","og_type":"article","og_title":"Z\u0142oty Komplet z turmalinem \u2013 sztyfty i delikatny naszyjnik - Staghorn","og_description":"Komplet z czarnym turmalinem: minimalistyczne sztyfty i delikatny naszyjnik ze z\u0142otymi detalami. Symboliczna bi\u017cuteria kojarzona z ochron\u0105 i r\u00f3wnowag\u0105.","og_url":"https:\/\/staghorn.pl\/?product=zloty-komplet-z-turmalinem","og_site_name":"Staghorn","article_modified_time":"2026-08-26T08:53:35+00:00","og_image":[{"width":640,"height":800,"url":"https:\/\/staghorn.pl\/wp-content\/uploads\/2026\/08\/5-2.jpg","type":"image\/jpeg"}],"twitter_card":"summary_large_image","twitter_misc":{"Szacowany czas czytania":"3 minuty"},"schema":{"@context":"https:\/\/schema.org","@graph":[{"@type":"WebPage","@id":"https:\/\/staghorn.pl\/?product=zloty-komplet-z-turmalinem","url":"https:\/\/staghorn.pl\/?product=zloty-komplet-z-turmalinem","name":"Z\u0142oty Komplet z turmalinem \u2013 sztyfty i delikatny naszyjnik - Staghorn","isPartOf":{"@id":"https:\/\/staghorn.pl\/#website"},"primaryImageOfPage":{"@id":"https:\/\/staghorn.pl\/?product=zloty-komplet-z-turmalinem#primaryimage"},"image":{"@id":"https:\/\/staghorn.pl\/?product=zloty-komplet-z-turmalinem#primaryimage"},"thumbnailUrl":"https:\/\/staghorn.pl\/wp-content\/uploads\/2026\/08\/5-2.jpg","datePublished":"2026-08-15T09:31:37+00:00","dateModified":"2026-08-26T08:53:35+00:00","description":"Komplet z czarnym turmalinem: minimalistyczne sztyfty i delikatny naszyjnik ze z\u0142otymi detalami. Symboliczna bi\u017cuteria kojarzona z ochron\u0105 i r\u00f3wnowag\u0105.","breadcrumb":{"@id":"https:\/\/staghorn.pl\/?product=zloty-komplet-z-turmalinem#breadcrumb"},"inLanguage":"pl-PL","potentialAction":[{"@type":"ReadAction","target":["https:\/\/staghorn.pl\/?product=zloty-komplet-z-turmalinem"]}]},{"@type":"ImageObject","inLanguage":"pl-PL","@id":"https:\/\/staghorn.pl\/?product=zloty-komplet-z-turmalinem#primaryimage","url":"https:\/\/staghorn.pl\/wp-content\/uploads\/2026\/08\/5-2.jpg","contentUrl":"https:\/\/staghorn.pl\/wp-content\/uploads\/2026\/08\/5-2.jpg","width":640,"height":800,"caption":"Czarno-z\u0142oty komplet z turmalinem \u2013 delikatny naszyjnik i kolczyki sztyfty."},{"@type":"BreadcrumbList","@id":"https:\/\/staghorn.pl\/?product=zloty-komplet-z-turmalinem#breadcrumb","itemListElement":[{"@type":"ListItem","position":1,"name":"Strona g\u0142\u00f3wna","item":"https:\/\/staghorn.pl\/"},{"@type":"ListItem","position":2,"name":"Sklep","item":"https:\/\/staghorn.pl\/?page_id=395"},{"@type":"ListItem","position":3,"name":"Z\u0142oty Komplet z turmalinem \u2013 sztyfty i delikatny naszyjnik"}]},{"@type":"WebSite","@id":"https:\/\/staghorn.pl\/#website","url":"https:\/\/staghorn.pl\/","name":"Staghorn","description":"","publisher":{"@id":"https:\/\/staghorn.pl\/#\/schema\/person\/985c0f377b3807be4ab7ca84c02a0459"},"potentialAction":[{"@type":"SearchAction","target":{"@type":"EntryPoint","urlTemplate":"https:\/\/staghorn.pl\/?s={search_term_string}"},"query-input":{"@type":"PropertyValueSpecification","valueRequired":true,"valueName":"search_term_string"}}],"inLanguage":"pl-PL"},{"@type":["Person","Organization"],"@id":"https:\/\/staghorn.pl\/#\/schema\/person\/985c0f377b3807be4ab7ca84c02a0459","name":"Kasia","image":{"@type":"ImageObject","inLanguage":"pl-PL","@id":"https:\/\/staghorn.pl\/wp-content\/uploads\/2024\/05\/cropped-2.png","url":"https:\/\/staghorn.pl\/wp-content\/uploads\/2024\/05\/cropped-2.png","contentUrl":"https:\/\/staghorn.pl\/wp-content\/uploads\/2024\/05\/cropped-2.png","width":512,"height":512,"caption":"Kasia"},"logo":{"@id":"https:\/\/staghorn.pl\/wp-content\/uploads\/2024\/05\/cropped-2.png"},"sameAs":["http:\/\/staghorn.pl"]}]}},"jetpack_sharing_enabled":true,"_links":{"self":[{"href":"https:\/\/staghorn.pl\/index.php?rest_route=\/wp\/v2\/product\/2704","targetHints":{"allow":["GET"]}}],"collection":[{"href":"https:\/\/staghorn.pl\/index.php?rest_route=\/wp\/v2\/product"}],"about":[{"href":"https:\/\/staghorn.pl\/index.php?rest_route=\/wp\/v2\/types\/product"}],"replies":[{"embeddable":true,"href":"https:\/\/staghorn.pl\/index.php?rest_route=%2Fwp%2Fv2%2Fcomments&post=2704"}],"wp:featuredmedia":[{"embeddable":true,"href":"https:\/\/staghorn.pl\/index.php?rest_route=\/wp\/v2\/media\/2665"}],"wp:attachment":[{"href":"https:\/\/staghorn.pl\/index.php?rest_route=%2Fwp%2Fv2%2Fmedia&parent=2704"}],"wp:term":[{"taxonomy":"product_brand","embeddable":true,"href":"https:\/\/staghorn.pl\/index.php?rest_route=%2Fwp%2Fv2%2Fproduct_brand&post=2704"},{"taxonomy":"product_cat","embeddable":true,"href":"https:\/\/staghorn.pl\/index.php?rest_route=%2Fwp%2Fv2%2Fproduct_cat&post=2704"},{"taxonomy":"product_tag","embeddable":true,"href":"https:\/\/staghorn.pl\/index.php?rest_route=%2Fwp%2Fv2%2Fproduct_tag&post=2704"}],"curies":[{"name":"wp","href":"https:\/\/api.w.org\/{rel}","templated":true}]}}